{"id":51638,"date":"2026-01-26T09:33:51","date_gmt":"2026-01-26T08:33:51","guid":{"rendered":"https:\/\/www.stem.it\/?post_type=tribe_events&#038;p=51638"},"modified":"2026-02-19T10:12:56","modified_gmt":"2026-02-19T09:12:56","slug":"afash-2026","status":"publish","type":"tribe_events","link":"https:\/\/www.stem.it\/fr\/event\/afash-2026\/","title":{"rendered":"AFASH 2026"},"content":{"rendered":"<p>Les Journ\u00e9es d\u2019\u00c9tude et de Formation (JEF) de l\u2019AFASH sont d\u00e9di\u00e9es aux ambulanciers SMUR, Hospitaliers et priv\u00e9s, mais \u00e9galement \u00e0 toute personne participant \u00e0 l\u2019Aide M\u00e9dicale Urgente (AMU). Les objectifs de cette formation sont ceux de conna\u00eetre les nouveaux textes de loi et les informations nationales, apprendre les nouvelles techniques du m\u00e9tier et prendre connaissance des nouveaux types de mat\u00e9riels<\/p>\n","protected":false},"excerpt":{"rendered":"<p>Les Journ\u00e9es d\u2019\u00c9tude et de Formation (JEF) de l\u2019AFASH sont d\u00e9di\u00e9es aux ambulanciers SMUR, Hospitaliers et priv\u00e9s, mais \u00e9galement \u00e0 toute personne participant \u00e0 l\u2019Aide M\u00e9dicale Urgente (AMU). Les objectifs [&hellip;]<\/p>\n","protected":false},"author":4,"featured_media":51890,"template":"","meta":{"_tribe_events_status":"","_tribe_events_status_reason":"","footnotes":""},"tags":[],"tribe_events_cat":[],"class_list":["post-51638","tribe_events","type-tribe_events","status-publish","has-post-thumbnail","hentry"],"yoast_head":"<!-- This site is optimized with the Yoast SEO plugin v27.4 - https:\/\/yoast.com\/product\/yoast-seo-wordpress\/ -->\n<title>AFASH 2026 - Stem Ems<\/title>\n<meta name=\"robots\" content=\"index, follow, max-snippet:-1, max-image-preview:large, max-video-preview:-1\" \/>\n<link rel=\"canonical\" href=\"https:\/\/www.stem.it\/fr\/event\/afash-2026\/\" \/>\n<meta property=\"og:locale\" content=\"fr_FR\" \/>\n<meta property=\"og:type\" content=\"article\" \/>\n<meta property=\"og:title\" content=\"AFASH 2026 - Stem Ems\" \/>\n<meta property=\"og:description\" content=\"Les Journ\u00e9es d\u2019\u00c9tude et de Formation (JEF) de l\u2019AFASH sont d\u00e9di\u00e9es aux ambulanciers SMUR, Hospitaliers et priv\u00e9s, mais \u00e9galement \u00e0 toute personne participant \u00e0 l\u2019Aide M\u00e9dicale Urgente (AMU). Les objectifs [&hellip;]\" \/>\n<meta property=\"og:url\" content=\"https:\/\/www.stem.it\/fr\/event\/afash-2026\/\" \/>\n<meta property=\"og:site_name\" content=\"Stem Ems\" \/>\n<meta property=\"article:publisher\" content=\"https:\/\/www.facebook.com\/stememsemergencymedicalsystems\/\" \/>\n<meta property=\"article:modified_time\" content=\"2026-02-19T09:12:56+00:00\" \/>\n<meta property=\"og:image\" content=\"https:\/\/www.stem.it\/wp-content\/uploads\/2026\/01\/AFASH-2026-845x321-02.jpg\" \/>\n\t<meta property=\"og:image:width\" content=\"845\" \/>\n\t<meta property=\"og:image:height\" content=\"321\" \/>\n\t<meta property=\"og:image:type\" content=\"image\/jpeg\" \/>\n<meta name=\"twitter:card\" content=\"summary_large_image\" \/>\n<script type=\"application\/ld+json\" class=\"yoast-schema-graph\">{\"@context\":\"https:\\\/\\\/schema.org\",\"@graph\":[{\"@type\":\"WebPage\",\"@id\":\"https:\\\/\\\/www.stem.it\\\/fr\\\/event\\\/afash-2026\\\/\",\"url\":\"https:\\\/\\\/www.stem.it\\\/fr\\\/event\\\/afash-2026\\\/\",\"name\":\"AFASH 2026 - Stem Ems\",\"isPartOf\":{\"@id\":\"https:\\\/\\\/www.stem.it\\\/fr\\\/#website\"},\"primaryImageOfPage\":{\"@id\":\"https:\\\/\\\/www.stem.it\\\/fr\\\/event\\\/afash-2026\\\/#primaryimage\"},\"image\":{\"@id\":\"https:\\\/\\\/www.stem.it\\\/fr\\\/event\\\/afash-2026\\\/#primaryimage\"},\"thumbnailUrl\":\"https:\\\/\\\/www.stem.it\\\/wp-content\\\/uploads\\\/2026\\\/01\\\/AFASH-2026-845x321-02.jpg\",\"datePublished\":\"2026-01-26T08:33:51+00:00\",\"dateModified\":\"2026-02-19T09:12:56+00:00\",\"breadcrumb\":{\"@id\":\"https:\\\/\\\/www.stem.it\\\/fr\\\/event\\\/afash-2026\\\/#breadcrumb\"},\"inLanguage\":\"fr-FR\",\"potentialAction\":[{\"@type\":\"ReadAction\",\"target\":[\"https:\\\/\\\/www.stem.it\\\/fr\\\/event\\\/afash-2026\\\/\"]}]},{\"@type\":\"ImageObject\",\"inLanguage\":\"fr-FR\",\"@id\":\"https:\\\/\\\/www.stem.it\\\/fr\\\/event\\\/afash-2026\\\/#primaryimage\",\"url\":\"https:\\\/\\\/www.stem.it\\\/wp-content\\\/uploads\\\/2026\\\/01\\\/AFASH-2026-845x321-02.jpg\",\"contentUrl\":\"https:\\\/\\\/www.stem.it\\\/wp-content\\\/uploads\\\/2026\\\/01\\\/AFASH-2026-845x321-02.jpg\",\"width\":845,\"height\":321},{\"@type\":\"BreadcrumbList\",\"@id\":\"https:\\\/\\\/www.stem.it\\\/fr\\\/event\\\/afash-2026\\\/#breadcrumb\",\"itemListElement\":[{\"@type\":\"ListItem\",\"position\":1,\"name\":\"Home\",\"item\":\"https:\\\/\\\/www.stem.it\\\/fr\\\/\"},{\"@type\":\"ListItem\",\"position\":2,\"name\":\"\u00c9v\u00e8nements\",\"item\":\"https:\\\/\\\/www.stem.it\\\/fr\\\/events\\\/\"},{\"@type\":\"ListItem\",\"position\":3,\"name\":\"AFASH 2026\"}]},{\"@type\":\"WebSite\",\"@id\":\"https:\\\/\\\/www.stem.it\\\/fr\\\/#website\",\"url\":\"https:\\\/\\\/www.stem.it\\\/fr\\\/\",\"name\":\"Stem Ems\",\"description\":\"Prodotti di alta qualit\u00e0 per lavoro ed emergenza\",\"potentialAction\":[{\"@type\":\"SearchAction\",\"target\":{\"@type\":\"EntryPoint\",\"urlTemplate\":\"https:\\\/\\\/www.stem.it\\\/fr\\\/?s={search_term_string}\"},\"query-input\":{\"@type\":\"PropertyValueSpecification\",\"valueRequired\":true,\"valueName\":\"search_term_string\"}}],\"inLanguage\":\"fr-FR\"}]}<\/script>\n<!-- \/ Yoast SEO plugin. -->","yoast_head_json":{"title":"AFASH 2026 - Stem Ems","robots":{"index":"index","follow":"follow","max-snippet":"max-snippet:-1","max-image-preview":"max-image-preview:large","max-video-preview":"max-video-preview:-1"},"canonical":"https:\/\/www.stem.it\/fr\/event\/afash-2026\/","og_locale":"fr_FR","og_type":"article","og_title":"AFASH 2026 - Stem Ems","og_description":"Les Journ\u00e9es d\u2019\u00c9tude et de Formation (JEF) de l\u2019AFASH sont d\u00e9di\u00e9es aux ambulanciers SMUR, Hospitaliers et priv\u00e9s, mais \u00e9galement \u00e0 toute personne participant \u00e0 l\u2019Aide M\u00e9dicale Urgente (AMU). Les objectifs [&hellip;]","og_url":"https:\/\/www.stem.it\/fr\/event\/afash-2026\/","og_site_name":"Stem Ems","article_publisher":"https:\/\/www.facebook.com\/stememsemergencymedicalsystems\/","article_modified_time":"2026-02-19T09:12:56+00:00","og_image":[{"width":845,"height":321,"url":"https:\/\/www.stem.it\/wp-content\/uploads\/2026\/01\/AFASH-2026-845x321-02.jpg","type":"image\/jpeg"}],"twitter_card":"summary_large_image","schema":{"@context":"https:\/\/schema.org","@graph":[{"@type":"WebPage","@id":"https:\/\/www.stem.it\/fr\/event\/afash-2026\/","url":"https:\/\/www.stem.it\/fr\/event\/afash-2026\/","name":"AFASH 2026 - Stem Ems","isPartOf":{"@id":"https:\/\/www.stem.it\/fr\/#website"},"primaryImageOfPage":{"@id":"https:\/\/www.stem.it\/fr\/event\/afash-2026\/#primaryimage"},"image":{"@id":"https:\/\/www.stem.it\/fr\/event\/afash-2026\/#primaryimage"},"thumbnailUrl":"https:\/\/www.stem.it\/wp-content\/uploads\/2026\/01\/AFASH-2026-845x321-02.jpg","datePublished":"2026-01-26T08:33:51+00:00","dateModified":"2026-02-19T09:12:56+00:00","breadcrumb":{"@id":"https:\/\/www.stem.it\/fr\/event\/afash-2026\/#breadcrumb"},"inLanguage":"fr-FR","potentialAction":[{"@type":"ReadAction","target":["https:\/\/www.stem.it\/fr\/event\/afash-2026\/"]}]},{"@type":"ImageObject","inLanguage":"fr-FR","@id":"https:\/\/www.stem.it\/fr\/event\/afash-2026\/#primaryimage","url":"https:\/\/www.stem.it\/wp-content\/uploads\/2026\/01\/AFASH-2026-845x321-02.jpg","contentUrl":"https:\/\/www.stem.it\/wp-content\/uploads\/2026\/01\/AFASH-2026-845x321-02.jpg","width":845,"height":321},{"@type":"BreadcrumbList","@id":"https:\/\/www.stem.it\/fr\/event\/afash-2026\/#breadcrumb","itemListElement":[{"@type":"ListItem","position":1,"name":"Home","item":"https:\/\/www.stem.it\/fr\/"},{"@type":"ListItem","position":2,"name":"\u00c9v\u00e8nements","item":"https:\/\/www.stem.it\/fr\/events\/"},{"@type":"ListItem","position":3,"name":"AFASH 2026"}]},{"@type":"WebSite","@id":"https:\/\/www.stem.it\/fr\/#website","url":"https:\/\/www.stem.it\/fr\/","name":"Stem Ems","description":"Prodotti di alta qualit\u00e0 per lavoro ed emergenza","potentialAction":[{"@type":"SearchAction","target":{"@type":"EntryPoint","urlTemplate":"https:\/\/www.stem.it\/fr\/?s={search_term_string}"},"query-input":{"@type":"PropertyValueSpecification","valueRequired":true,"valueName":"search_term_string"}}],"inLanguage":"fr-FR"}]}},"_links":{"self":[{"href":"https:\/\/www.stem.it\/fr\/wp-json\/wp\/v2\/tribe_events\/51638","targetHints":{"allow":["GET"]}}],"collection":[{"href":"https:\/\/www.stem.it\/fr\/wp-json\/wp\/v2\/tribe_events"}],"about":[{"href":"https:\/\/www.stem.it\/fr\/wp-json\/wp\/v2\/types\/tribe_events"}],"author":[{"embeddable":true,"href":"https:\/\/www.stem.it\/fr\/wp-json\/wp\/v2\/users\/4"}],"version-history":[{"count":1,"href":"https:\/\/www.stem.it\/fr\/wp-json\/wp\/v2\/tribe_events\/51638\/revisions"}],"predecessor-version":[{"id":51652,"href":"https:\/\/www.stem.it\/fr\/wp-json\/wp\/v2\/tribe_events\/51638\/revisions\/51652"}],"wp:featuredmedia":[{"embeddable":true,"href":"https:\/\/www.stem.it\/fr\/wp-json\/wp\/v2\/media\/51890"}],"wp:attachment":[{"href":"https:\/\/www.stem.it\/fr\/wp-json\/wp\/v2\/media?parent=51638"}],"wp:term":[{"taxonomy":"post_tag","embeddable":true,"href":"https:\/\/www.stem.it\/fr\/wp-json\/wp\/v2\/tags?post=51638"},{"taxonomy":"tribe_events_cat","embeddable":true,"href":"https:\/\/www.stem.it\/fr\/wp-json\/wp\/v2\/tribe_events_cat?post=51638"}],"curies":[{"name":"wp","href":"https:\/\/api.w.org\/{rel}","templated":true}]}}