{"id":39034,"date":"2024-01-09T09:41:40","date_gmt":"2024-01-09T08:41:40","guid":{"rendered":"https:\/\/www.stem.it\/?post_type=tribe_events&#038;p=39034"},"modified":"2024-04-15T13:22:43","modified_gmt":"2024-04-15T11:22:43","slug":"rettmobil-2024","status":"publish","type":"tribe_events","link":"https:\/\/www.stem.it\/fr\/event\/rettmobil-2024\/","title":{"rendered":"RETTmobil 2024"},"content":{"rendered":"<p>RETTmobil est le salon europ\u00e9en d\u00e9di\u00e9 aux secours et \u00e0 la mobilit\u00e9. Depuis 22\u00b0 ann\u00e9es, c&rsquo;est le rendez-vous incontournable pour tous les secouristes et une vitrine pour les soci\u00e9t\u00e9s leader dans le domaine de la s\u00e9curit\u00e9. Le caract\u00e8re international de cet \u00e9v\u00e8nement est t\u00e9moign\u00e9 par ses 545 exposants. Fulda se confirme de nouveau la r\u00e9f\u00e9rence pour les industriels du secours et de la s\u00e9curit\u00e9.<br \/>\nStand 604 &#8211; Pad 6<\/p>\n","protected":false},"excerpt":{"rendered":"<p>RETTmobil est le salon europ\u00e9en d\u00e9di\u00e9 aux secours et \u00e0 la mobilit\u00e9. Depuis 22\u00b0 ann\u00e9es, c&rsquo;est le rendez-vous incontournable pour tous les secouristes et une vitrine pour les soci\u00e9t\u00e9s leader [&hellip;]<\/p>\n","protected":false},"author":4,"featured_media":39038,"template":"","meta":{"_tribe_events_status":"","_tribe_events_status_reason":"","footnotes":""},"tags":[],"tribe_events_cat":[],"class_list":["post-39034","tribe_events","type-tribe_events","status-publish","has-post-thumbnail","hentry"],"yoast_head":"<!-- This site is optimized with the Yoast SEO plugin v27.4 - https:\/\/yoast.com\/product\/yoast-seo-wordpress\/ -->\n<title>RETTmobil 2024 - Stem Ems<\/title>\n<meta name=\"description\" content=\"RETTmobil est le salon europ\u00e9en d\u00e9di\u00e9 aux secours et \u00e0 la mobilit\u00e9.\" \/>\n<meta name=\"robots\" content=\"index, follow, max-snippet:-1, max-image-preview:large, max-video-preview:-1\" \/>\n<link rel=\"canonical\" href=\"https:\/\/www.stem.it\/fr\/event\/rettmobil-2024\/\" \/>\n<meta property=\"og:locale\" content=\"fr_FR\" \/>\n<meta property=\"og:type\" content=\"article\" \/>\n<meta property=\"og:title\" content=\"RETTmobil 2024 - Stem Ems\" \/>\n<meta property=\"og:description\" content=\"RETTmobil est le salon europ\u00e9en d\u00e9di\u00e9 aux secours et \u00e0 la mobilit\u00e9.\" \/>\n<meta property=\"og:url\" content=\"https:\/\/www.stem.it\/fr\/event\/rettmobil-2024\/\" \/>\n<meta property=\"og:site_name\" content=\"Stem Ems\" \/>\n<meta property=\"article:publisher\" content=\"https:\/\/www.facebook.com\/stememsemergencymedicalsystems\/\" \/>\n<meta property=\"article:modified_time\" content=\"2024-04-15T11:22:43+00:00\" \/>\n<meta property=\"og:image\" content=\"https:\/\/www.stem.it\/wp-content\/uploads\/2024\/01\/RETTmobil-2024-845x321-1.jpg\" \/>\n\t<meta property=\"og:image:width\" content=\"845\" \/>\n\t<meta property=\"og:image:height\" content=\"321\" \/>\n\t<meta property=\"og:image:type\" content=\"image\/jpeg\" \/>\n<meta name=\"twitter:card\" content=\"summary_large_image\" \/>\n<meta name=\"twitter:label1\" content=\"Dur\u00e9e de lecture estim\u00e9e\" \/>\n\t<meta name=\"twitter:data1\" content=\"1 minute\" \/>\n<script type=\"application\/ld+json\" class=\"yoast-schema-graph\">{\"@context\":\"https:\\\/\\\/schema.org\",\"@graph\":[{\"@type\":\"WebPage\",\"@id\":\"https:\\\/\\\/www.stem.it\\\/fr\\\/event\\\/rettmobil-2024\\\/\",\"url\":\"https:\\\/\\\/www.stem.it\\\/fr\\\/event\\\/rettmobil-2024\\\/\",\"name\":\"RETTmobil 2024 - Stem Ems\",\"isPartOf\":{\"@id\":\"https:\\\/\\\/www.stem.it\\\/fr\\\/#website\"},\"primaryImageOfPage\":{\"@id\":\"https:\\\/\\\/www.stem.it\\\/fr\\\/event\\\/rettmobil-2024\\\/#primaryimage\"},\"image\":{\"@id\":\"https:\\\/\\\/www.stem.it\\\/fr\\\/event\\\/rettmobil-2024\\\/#primaryimage\"},\"thumbnailUrl\":\"https:\\\/\\\/www.stem.it\\\/wp-content\\\/uploads\\\/2024\\\/01\\\/RETTmobil-2024-845x321-1.jpg\",\"datePublished\":\"2024-01-09T08:41:40+00:00\",\"dateModified\":\"2024-04-15T11:22:43+00:00\",\"description\":\"RETTmobil est le salon europ\u00e9en d\u00e9di\u00e9 aux secours et \u00e0 la mobilit\u00e9.\",\"breadcrumb\":{\"@id\":\"https:\\\/\\\/www.stem.it\\\/fr\\\/event\\\/rettmobil-2024\\\/#breadcrumb\"},\"inLanguage\":\"fr-FR\",\"potentialAction\":[{\"@type\":\"ReadAction\",\"target\":[\"https:\\\/\\\/www.stem.it\\\/fr\\\/event\\\/rettmobil-2024\\\/\"]}]},{\"@type\":\"ImageObject\",\"inLanguage\":\"fr-FR\",\"@id\":\"https:\\\/\\\/www.stem.it\\\/fr\\\/event\\\/rettmobil-2024\\\/#primaryimage\",\"url\":\"https:\\\/\\\/www.stem.it\\\/wp-content\\\/uploads\\\/2024\\\/01\\\/RETTmobil-2024-845x321-1.jpg\",\"contentUrl\":\"https:\\\/\\\/www.stem.it\\\/wp-content\\\/uploads\\\/2024\\\/01\\\/RETTmobil-2024-845x321-1.jpg\",\"width\":845,\"height\":321},{\"@type\":\"BreadcrumbList\",\"@id\":\"https:\\\/\\\/www.stem.it\\\/fr\\\/event\\\/rettmobil-2024\\\/#breadcrumb\",\"itemListElement\":[{\"@type\":\"ListItem\",\"position\":1,\"name\":\"Home\",\"item\":\"https:\\\/\\\/www.stem.it\\\/fr\\\/\"},{\"@type\":\"ListItem\",\"position\":2,\"name\":\"\u00c9v\u00e8nements\",\"item\":\"https:\\\/\\\/www.stem.it\\\/fr\\\/events\\\/\"},{\"@type\":\"ListItem\",\"position\":3,\"name\":\"RETTmobil 2024\"}]},{\"@type\":\"WebSite\",\"@id\":\"https:\\\/\\\/www.stem.it\\\/fr\\\/#website\",\"url\":\"https:\\\/\\\/www.stem.it\\\/fr\\\/\",\"name\":\"Stem Ems\",\"description\":\"Prodotti di alta qualit\u00e0 per lavoro ed emergenza\",\"potentialAction\":[{\"@type\":\"SearchAction\",\"target\":{\"@type\":\"EntryPoint\",\"urlTemplate\":\"https:\\\/\\\/www.stem.it\\\/fr\\\/?s={search_term_string}\"},\"query-input\":{\"@type\":\"PropertyValueSpecification\",\"valueRequired\":true,\"valueName\":\"search_term_string\"}}],\"inLanguage\":\"fr-FR\"}]}<\/script>\n<!-- \/ Yoast SEO plugin. -->","yoast_head_json":{"title":"RETTmobil 2024 - Stem Ems","description":"RETTmobil est le salon europ\u00e9en d\u00e9di\u00e9 aux secours et \u00e0 la mobilit\u00e9.","robots":{"index":"index","follow":"follow","max-snippet":"max-snippet:-1","max-image-preview":"max-image-preview:large","max-video-preview":"max-video-preview:-1"},"canonical":"https:\/\/www.stem.it\/fr\/event\/rettmobil-2024\/","og_locale":"fr_FR","og_type":"article","og_title":"RETTmobil 2024 - Stem Ems","og_description":"RETTmobil est le salon europ\u00e9en d\u00e9di\u00e9 aux secours et \u00e0 la mobilit\u00e9.","og_url":"https:\/\/www.stem.it\/fr\/event\/rettmobil-2024\/","og_site_name":"Stem Ems","article_publisher":"https:\/\/www.facebook.com\/stememsemergencymedicalsystems\/","article_modified_time":"2024-04-15T11:22:43+00:00","og_image":[{"width":845,"height":321,"url":"https:\/\/www.stem.it\/wp-content\/uploads\/2024\/01\/RETTmobil-2024-845x321-1.jpg","type":"image\/jpeg"}],"twitter_card":"summary_large_image","twitter_misc":{"Dur\u00e9e de lecture estim\u00e9e":"1 minute"},"schema":{"@context":"https:\/\/schema.org","@graph":[{"@type":"WebPage","@id":"https:\/\/www.stem.it\/fr\/event\/rettmobil-2024\/","url":"https:\/\/www.stem.it\/fr\/event\/rettmobil-2024\/","name":"RETTmobil 2024 - Stem Ems","isPartOf":{"@id":"https:\/\/www.stem.it\/fr\/#website"},"primaryImageOfPage":{"@id":"https:\/\/www.stem.it\/fr\/event\/rettmobil-2024\/#primaryimage"},"image":{"@id":"https:\/\/www.stem.it\/fr\/event\/rettmobil-2024\/#primaryimage"},"thumbnailUrl":"https:\/\/www.stem.it\/wp-content\/uploads\/2024\/01\/RETTmobil-2024-845x321-1.jpg","datePublished":"2024-01-09T08:41:40+00:00","dateModified":"2024-04-15T11:22:43+00:00","description":"RETTmobil est le salon europ\u00e9en d\u00e9di\u00e9 aux secours et \u00e0 la mobilit\u00e9.","breadcrumb":{"@id":"https:\/\/www.stem.it\/fr\/event\/rettmobil-2024\/#breadcrumb"},"inLanguage":"fr-FR","potentialAction":[{"@type":"ReadAction","target":["https:\/\/www.stem.it\/fr\/event\/rettmobil-2024\/"]}]},{"@type":"ImageObject","inLanguage":"fr-FR","@id":"https:\/\/www.stem.it\/fr\/event\/rettmobil-2024\/#primaryimage","url":"https:\/\/www.stem.it\/wp-content\/uploads\/2024\/01\/RETTmobil-2024-845x321-1.jpg","contentUrl":"https:\/\/www.stem.it\/wp-content\/uploads\/2024\/01\/RETTmobil-2024-845x321-1.jpg","width":845,"height":321},{"@type":"BreadcrumbList","@id":"https:\/\/www.stem.it\/fr\/event\/rettmobil-2024\/#breadcrumb","itemListElement":[{"@type":"ListItem","position":1,"name":"Home","item":"https:\/\/www.stem.it\/fr\/"},{"@type":"ListItem","position":2,"name":"\u00c9v\u00e8nements","item":"https:\/\/www.stem.it\/fr\/events\/"},{"@type":"ListItem","position":3,"name":"RETTmobil 2024"}]},{"@type":"WebSite","@id":"https:\/\/www.stem.it\/fr\/#website","url":"https:\/\/www.stem.it\/fr\/","name":"Stem Ems","description":"Prodotti di alta qualit\u00e0 per lavoro ed emergenza","potentialAction":[{"@type":"SearchAction","target":{"@type":"EntryPoint","urlTemplate":"https:\/\/www.stem.it\/fr\/?s={search_term_string}"},"query-input":{"@type":"PropertyValueSpecification","valueRequired":true,"valueName":"search_term_string"}}],"inLanguage":"fr-FR"}]}},"_links":{"self":[{"href":"https:\/\/www.stem.it\/fr\/wp-json\/wp\/v2\/tribe_events\/39034","targetHints":{"allow":["GET"]}}],"collection":[{"href":"https:\/\/www.stem.it\/fr\/wp-json\/wp\/v2\/tribe_events"}],"about":[{"href":"https:\/\/www.stem.it\/fr\/wp-json\/wp\/v2\/types\/tribe_events"}],"author":[{"embeddable":true,"href":"https:\/\/www.stem.it\/fr\/wp-json\/wp\/v2\/users\/4"}],"version-history":[{"count":3,"href":"https:\/\/www.stem.it\/fr\/wp-json\/wp\/v2\/tribe_events\/39034\/revisions"}],"predecessor-version":[{"id":40123,"href":"https:\/\/www.stem.it\/fr\/wp-json\/wp\/v2\/tribe_events\/39034\/revisions\/40123"}],"wp:featuredmedia":[{"embeddable":true,"href":"https:\/\/www.stem.it\/fr\/wp-json\/wp\/v2\/media\/39038"}],"wp:attachment":[{"href":"https:\/\/www.stem.it\/fr\/wp-json\/wp\/v2\/media?parent=39034"}],"wp:term":[{"taxonomy":"post_tag","embeddable":true,"href":"https:\/\/www.stem.it\/fr\/wp-json\/wp\/v2\/tags?post=39034"},{"taxonomy":"tribe_events_cat","embeddable":true,"href":"https:\/\/www.stem.it\/fr\/wp-json\/wp\/v2\/tribe_events_cat?post=39034"}],"curies":[{"name":"wp","href":"https:\/\/api.w.org\/{rel}","templated":true}]}}