{"id":10647,"date":"2020-08-28T12:44:13","date_gmt":"2020-08-28T10:44:13","guid":{"rendered":"https:\/\/www.stem.it\/?post_type=tribe_events&#038;p=10647"},"modified":"2021-11-10T09:46:16","modified_gmt":"2021-11-10T08:46:16","slug":"rettmobil-2021","status":"publish","type":"tribe_events","link":"https:\/\/www.stem.it\/fr\/event\/rettmobil-2021\/","title":{"rendered":"Rettmobil 2022"},"content":{"rendered":"<p>RETTmobil est le salon europ\u00e9en d\u00e9di\u00e9 aux secours et \u00e0 la mobilit\u00e9. Depuis 20 ann\u00e9es, c&rsquo;est le rendez-vous incontournable pour tous les secouristes et une vitrine pour les soci\u00e9t\u00e9s leader dans le domaine de la s\u00e9curit\u00e9. Le caract\u00e8re international de cet \u00e9v\u00e8nement est t\u00e9moign\u00e9 par ses 545 exposants. Fulda se confirme de nouveau la r\u00e9f\u00e9rence pour les industriels du secours et de la s\u00e9curit\u00e9.<\/p>\n","protected":false},"excerpt":{"rendered":"<p>RETTmobil est le salon europ\u00e9en d\u00e9di\u00e9 aux secours et \u00e0 la mobilit\u00e9. Depuis 20 ann\u00e9es, c&rsquo;est le rendez-vous incontournable pour tous les secouristes et une vitrine pour les soci\u00e9t\u00e9s leader [&hellip;]<\/p>\n","protected":false},"author":4,"featured_media":13034,"template":"","meta":{"_tribe_events_status":"","_tribe_events_status_reason":"","footnotes":""},"tags":[],"tribe_events_cat":[],"class_list":["post-10647","tribe_events","type-tribe_events","status-publish","has-post-thumbnail","hentry"],"yoast_head":"<!-- This site is optimized with the Yoast SEO plugin v27.4 - https:\/\/yoast.com\/product\/yoast-seo-wordpress\/ -->\n<title>Salon Europ\u00e9en Secours et Mobilit\u00e9 | RETTmobil 2022 | Stem Tech<\/title>\n<meta name=\"description\" content=\"Retrouvez-nous au RETTmobil 2022, salon europ\u00e9en d\u00e9di\u00e9 aux secours et \u00e0 la mobilit\u00e9. Depuis 20 ans, le rendez-vous incontournable de tous les secouristes.\" \/>\n<meta name=\"robots\" content=\"index, follow, max-snippet:-1, max-image-preview:large, max-video-preview:-1\" \/>\n<link rel=\"canonical\" href=\"https:\/\/www.stem.it\/fr\/event\/rettmobil-2021\/\" \/>\n<meta property=\"og:locale\" content=\"fr_FR\" \/>\n<meta property=\"og:type\" content=\"article\" \/>\n<meta property=\"og:title\" content=\"Salon Europ\u00e9en Secours et Mobilit\u00e9 | RETTmobil 2022 | Stem Tech\" \/>\n<meta property=\"og:description\" content=\"Retrouvez-nous au RETTmobil 2022, salon europ\u00e9en d\u00e9di\u00e9 aux secours et \u00e0 la mobilit\u00e9. Depuis 20 ans, le rendez-vous incontournable de tous les secouristes.\" \/>\n<meta property=\"og:url\" content=\"https:\/\/www.stem.it\/fr\/event\/rettmobil-2021\/\" \/>\n<meta property=\"og:site_name\" content=\"Stem Ems\" \/>\n<meta property=\"article:publisher\" content=\"https:\/\/www.facebook.com\/stememsemergencymedicalsystems\/\" \/>\n<meta property=\"article:modified_time\" content=\"2021-11-10T08:46:16+00:00\" \/>\n<meta property=\"og:image\" content=\"https:\/\/www.stem.it\/wp-content\/uploads\/2020\/08\/RETTmobil-2022-845x321-1.jpg\" \/>\n\t<meta property=\"og:image:width\" content=\"845\" \/>\n\t<meta property=\"og:image:height\" content=\"321\" \/>\n\t<meta property=\"og:image:type\" content=\"image\/jpeg\" \/>\n<meta name=\"twitter:card\" content=\"summary_large_image\" \/>\n<script type=\"application\/ld+json\" class=\"yoast-schema-graph\">{\"@context\":\"https:\\\/\\\/schema.org\",\"@graph\":[{\"@type\":\"WebPage\",\"@id\":\"https:\\\/\\\/www.stem.it\\\/fr\\\/event\\\/rettmobil-2021\\\/\",\"url\":\"https:\\\/\\\/www.stem.it\\\/fr\\\/event\\\/rettmobil-2021\\\/\",\"name\":\"Salon Europ\u00e9en Secours et Mobilit\u00e9 | RETTmobil 2022 | Stem Tech\",\"isPartOf\":{\"@id\":\"https:\\\/\\\/www.stem.it\\\/fr\\\/#website\"},\"primaryImageOfPage\":{\"@id\":\"https:\\\/\\\/www.stem.it\\\/fr\\\/event\\\/rettmobil-2021\\\/#primaryimage\"},\"image\":{\"@id\":\"https:\\\/\\\/www.stem.it\\\/fr\\\/event\\\/rettmobil-2021\\\/#primaryimage\"},\"thumbnailUrl\":\"https:\\\/\\\/www.stem.it\\\/wp-content\\\/uploads\\\/2020\\\/08\\\/RETTmobil-2022-845x321-1.jpg\",\"datePublished\":\"2020-08-28T10:44:13+00:00\",\"dateModified\":\"2021-11-10T08:46:16+00:00\",\"description\":\"Retrouvez-nous au RETTmobil 2022, salon europ\u00e9en d\u00e9di\u00e9 aux secours et \u00e0 la mobilit\u00e9. Depuis 20 ans, le rendez-vous incontournable de tous les secouristes.\",\"breadcrumb\":{\"@id\":\"https:\\\/\\\/www.stem.it\\\/fr\\\/event\\\/rettmobil-2021\\\/#breadcrumb\"},\"inLanguage\":\"fr-FR\",\"potentialAction\":[{\"@type\":\"ReadAction\",\"target\":[\"https:\\\/\\\/www.stem.it\\\/fr\\\/event\\\/rettmobil-2021\\\/\"]}]},{\"@type\":\"ImageObject\",\"inLanguage\":\"fr-FR\",\"@id\":\"https:\\\/\\\/www.stem.it\\\/fr\\\/event\\\/rettmobil-2021\\\/#primaryimage\",\"url\":\"https:\\\/\\\/www.stem.it\\\/wp-content\\\/uploads\\\/2020\\\/08\\\/RETTmobil-2022-845x321-1.jpg\",\"contentUrl\":\"https:\\\/\\\/www.stem.it\\\/wp-content\\\/uploads\\\/2020\\\/08\\\/RETTmobil-2022-845x321-1.jpg\",\"width\":845,\"height\":321},{\"@type\":\"BreadcrumbList\",\"@id\":\"https:\\\/\\\/www.stem.it\\\/fr\\\/event\\\/rettmobil-2021\\\/#breadcrumb\",\"itemListElement\":[{\"@type\":\"ListItem\",\"position\":1,\"name\":\"Home\",\"item\":\"https:\\\/\\\/www.stem.it\\\/fr\\\/\"},{\"@type\":\"ListItem\",\"position\":2,\"name\":\"\u00c9v\u00e8nements\",\"item\":\"https:\\\/\\\/www.stem.it\\\/fr\\\/events\\\/\"},{\"@type\":\"ListItem\",\"position\":3,\"name\":\"Rettmobil 2022\"}]},{\"@type\":\"WebSite\",\"@id\":\"https:\\\/\\\/www.stem.it\\\/fr\\\/#website\",\"url\":\"https:\\\/\\\/www.stem.it\\\/fr\\\/\",\"name\":\"Stem Ems\",\"description\":\"Prodotti di alta qualit\u00e0 per lavoro ed emergenza\",\"potentialAction\":[{\"@type\":\"SearchAction\",\"target\":{\"@type\":\"EntryPoint\",\"urlTemplate\":\"https:\\\/\\\/www.stem.it\\\/fr\\\/?s={search_term_string}\"},\"query-input\":{\"@type\":\"PropertyValueSpecification\",\"valueRequired\":true,\"valueName\":\"search_term_string\"}}],\"inLanguage\":\"fr-FR\"}]}<\/script>\n<!-- \/ Yoast SEO plugin. -->","yoast_head_json":{"title":"Salon Europ\u00e9en Secours et Mobilit\u00e9 | RETTmobil 2022 | Stem Tech","description":"Retrouvez-nous au RETTmobil 2022, salon europ\u00e9en d\u00e9di\u00e9 aux secours et \u00e0 la mobilit\u00e9. Depuis 20 ans, le rendez-vous incontournable de tous les secouristes.","robots":{"index":"index","follow":"follow","max-snippet":"max-snippet:-1","max-image-preview":"max-image-preview:large","max-video-preview":"max-video-preview:-1"},"canonical":"https:\/\/www.stem.it\/fr\/event\/rettmobil-2021\/","og_locale":"fr_FR","og_type":"article","og_title":"Salon Europ\u00e9en Secours et Mobilit\u00e9 | RETTmobil 2022 | Stem Tech","og_description":"Retrouvez-nous au RETTmobil 2022, salon europ\u00e9en d\u00e9di\u00e9 aux secours et \u00e0 la mobilit\u00e9. Depuis 20 ans, le rendez-vous incontournable de tous les secouristes.","og_url":"https:\/\/www.stem.it\/fr\/event\/rettmobil-2021\/","og_site_name":"Stem Ems","article_publisher":"https:\/\/www.facebook.com\/stememsemergencymedicalsystems\/","article_modified_time":"2021-11-10T08:46:16+00:00","og_image":[{"width":845,"height":321,"url":"https:\/\/www.stem.it\/wp-content\/uploads\/2020\/08\/RETTmobil-2022-845x321-1.jpg","type":"image\/jpeg"}],"twitter_card":"summary_large_image","schema":{"@context":"https:\/\/schema.org","@graph":[{"@type":"WebPage","@id":"https:\/\/www.stem.it\/fr\/event\/rettmobil-2021\/","url":"https:\/\/www.stem.it\/fr\/event\/rettmobil-2021\/","name":"Salon Europ\u00e9en Secours et Mobilit\u00e9 | RETTmobil 2022 | Stem Tech","isPartOf":{"@id":"https:\/\/www.stem.it\/fr\/#website"},"primaryImageOfPage":{"@id":"https:\/\/www.stem.it\/fr\/event\/rettmobil-2021\/#primaryimage"},"image":{"@id":"https:\/\/www.stem.it\/fr\/event\/rettmobil-2021\/#primaryimage"},"thumbnailUrl":"https:\/\/www.stem.it\/wp-content\/uploads\/2020\/08\/RETTmobil-2022-845x321-1.jpg","datePublished":"2020-08-28T10:44:13+00:00","dateModified":"2021-11-10T08:46:16+00:00","description":"Retrouvez-nous au RETTmobil 2022, salon europ\u00e9en d\u00e9di\u00e9 aux secours et \u00e0 la mobilit\u00e9. Depuis 20 ans, le rendez-vous incontournable de tous les secouristes.","breadcrumb":{"@id":"https:\/\/www.stem.it\/fr\/event\/rettmobil-2021\/#breadcrumb"},"inLanguage":"fr-FR","potentialAction":[{"@type":"ReadAction","target":["https:\/\/www.stem.it\/fr\/event\/rettmobil-2021\/"]}]},{"@type":"ImageObject","inLanguage":"fr-FR","@id":"https:\/\/www.stem.it\/fr\/event\/rettmobil-2021\/#primaryimage","url":"https:\/\/www.stem.it\/wp-content\/uploads\/2020\/08\/RETTmobil-2022-845x321-1.jpg","contentUrl":"https:\/\/www.stem.it\/wp-content\/uploads\/2020\/08\/RETTmobil-2022-845x321-1.jpg","width":845,"height":321},{"@type":"BreadcrumbList","@id":"https:\/\/www.stem.it\/fr\/event\/rettmobil-2021\/#breadcrumb","itemListElement":[{"@type":"ListItem","position":1,"name":"Home","item":"https:\/\/www.stem.it\/fr\/"},{"@type":"ListItem","position":2,"name":"\u00c9v\u00e8nements","item":"https:\/\/www.stem.it\/fr\/events\/"},{"@type":"ListItem","position":3,"name":"Rettmobil 2022"}]},{"@type":"WebSite","@id":"https:\/\/www.stem.it\/fr\/#website","url":"https:\/\/www.stem.it\/fr\/","name":"Stem Ems","description":"Prodotti di alta qualit\u00e0 per lavoro ed emergenza","potentialAction":[{"@type":"SearchAction","target":{"@type":"EntryPoint","urlTemplate":"https:\/\/www.stem.it\/fr\/?s={search_term_string}"},"query-input":{"@type":"PropertyValueSpecification","valueRequired":true,"valueName":"search_term_string"}}],"inLanguage":"fr-FR"}]}},"_links":{"self":[{"href":"https:\/\/www.stem.it\/fr\/wp-json\/wp\/v2\/tribe_events\/10647","targetHints":{"allow":["GET"]}}],"collection":[{"href":"https:\/\/www.stem.it\/fr\/wp-json\/wp\/v2\/tribe_events"}],"about":[{"href":"https:\/\/www.stem.it\/fr\/wp-json\/wp\/v2\/types\/tribe_events"}],"author":[{"embeddable":true,"href":"https:\/\/www.stem.it\/fr\/wp-json\/wp\/v2\/users\/4"}],"version-history":[{"count":6,"href":"https:\/\/www.stem.it\/fr\/wp-json\/wp\/v2\/tribe_events\/10647\/revisions"}],"predecessor-version":[{"id":18779,"href":"https:\/\/www.stem.it\/fr\/wp-json\/wp\/v2\/tribe_events\/10647\/revisions\/18779"}],"wp:featuredmedia":[{"embeddable":true,"href":"https:\/\/www.stem.it\/fr\/wp-json\/wp\/v2\/media\/13034"}],"wp:attachment":[{"href":"https:\/\/www.stem.it\/fr\/wp-json\/wp\/v2\/media?parent=10647"}],"wp:term":[{"taxonomy":"post_tag","embeddable":true,"href":"https:\/\/www.stem.it\/fr\/wp-json\/wp\/v2\/tags?post=10647"},{"taxonomy":"tribe_events_cat","embeddable":true,"href":"https:\/\/www.stem.it\/fr\/wp-json\/wp\/v2\/tribe_events_cat?post=10647"}],"curies":[{"name":"wp","href":"https:\/\/api.w.org\/{rel}","templated":true}]}}