{"id":39031,"date":"2024-01-09T09:41:40","date_gmt":"2024-01-09T08:41:40","guid":{"rendered":"https:\/\/www.stem.it\/?post_type=tribe_events&#038;p=39031"},"modified":"2024-04-15T13:22:45","modified_gmt":"2024-04-15T11:22:45","slug":"rettmobil-2024","status":"publish","type":"tribe_events","link":"https:\/\/www.stem.it\/de\/event\/rettmobil-2024\/","title":{"rendered":"RETTmobil 2024"},"content":{"rendered":"<p><a href=\"https:\/\/www.rettmobil-international.com\/en\/about-us\/numbers-data-facts\/\">RETTmobil<\/a> ist die wichtigste europ\u00e4ische Leitmesse f\u00fcr Rettung und Mobilit\u00e4t. In seiner zweiundzwanzigsten Ausgabe ist es ein einzigartiger Treffpunkt f\u00fcr alle Lebensretter und ein Schaufenster f\u00fcr Exzellenzzentren im Bereich der Sicherheit. Internationalit\u00e4t hat oberste Priorit\u00e4t, wie die 545 Aussteller belegen. Fulda erweist sich erneut als Bezugspunkt f\u00fcr die gesamte Rettungs- und Sicherheitsbranche.<br \/>\nStand 604 &#8211; Pad 6<\/p>\n","protected":false},"excerpt":{"rendered":"<p>RETTmobil ist die wichtigste europ\u00e4ische Leitmesse f\u00fcr Rettung und Mobilit\u00e4t. In seiner zweiundzwanzigsten Ausgabe ist es ein einzigartiger Treffpunkt f\u00fcr alle Lebensretter und ein Schaufenster f\u00fcr Exzellenzzentren im Bereich der [&hellip;]<\/p>\n","protected":false},"author":4,"featured_media":39039,"template":"","meta":{"_tribe_events_status":"","_tribe_events_status_reason":"","footnotes":""},"tags":[],"tribe_events_cat":[],"class_list":["post-39031","tribe_events","type-tribe_events","status-publish","has-post-thumbnail","hentry"],"yoast_head":"<!-- This site is optimized with the Yoast SEO plugin v27.4 - https:\/\/yoast.com\/product\/yoast-seo-wordpress\/ -->\n<title>RETTmobil 2024 - Stem Ems<\/title>\n<meta name=\"description\" content=\"RETTmobil ist die wichtigste europ\u00e4ische Leitmesse f\u00fcr Rettung und Mobilit\u00e4t\" \/>\n<meta name=\"robots\" content=\"index, follow, max-snippet:-1, max-image-preview:large, max-video-preview:-1\" \/>\n<link rel=\"canonical\" href=\"https:\/\/www.stem.it\/de\/event\/rettmobil-2024\/\" \/>\n<meta property=\"og:locale\" content=\"de_DE\" \/>\n<meta property=\"og:type\" content=\"article\" \/>\n<meta property=\"og:title\" content=\"RETTmobil 2024 - Stem Ems\" \/>\n<meta property=\"og:description\" content=\"RETTmobil ist die wichtigste europ\u00e4ische Leitmesse f\u00fcr Rettung und Mobilit\u00e4t\" \/>\n<meta property=\"og:url\" content=\"https:\/\/www.stem.it\/de\/event\/rettmobil-2024\/\" \/>\n<meta property=\"og:site_name\" content=\"Stem Ems\" \/>\n<meta property=\"article:publisher\" content=\"https:\/\/www.facebook.com\/stememsemergencymedicalsystems\/\" \/>\n<meta property=\"article:modified_time\" content=\"2024-04-15T11:22:45+00:00\" \/>\n<meta property=\"og:image\" content=\"https:\/\/www.stem.it\/wp-content\/uploads\/2024\/01\/RETTmobil-2024-845x321-1.jpg\" \/>\n\t<meta property=\"og:image:width\" content=\"845\" \/>\n\t<meta property=\"og:image:height\" content=\"321\" \/>\n\t<meta property=\"og:image:type\" content=\"image\/jpeg\" \/>\n<meta name=\"twitter:card\" content=\"summary_large_image\" \/>\n<meta name=\"twitter:label1\" content=\"Gesch\u00e4tzte Lesezeit\" \/>\n\t<meta name=\"twitter:data1\" content=\"1\u00a0Minute\" \/>\n<script type=\"application\/ld+json\" class=\"yoast-schema-graph\">{\"@context\":\"https:\\\/\\\/schema.org\",\"@graph\":[{\"@type\":\"WebPage\",\"@id\":\"https:\\\/\\\/www.stem.it\\\/de\\\/event\\\/rettmobil-2024\\\/\",\"url\":\"https:\\\/\\\/www.stem.it\\\/de\\\/event\\\/rettmobil-2024\\\/\",\"name\":\"RETTmobil 2024 - Stem Ems\",\"isPartOf\":{\"@id\":\"https:\\\/\\\/www.stem.it\\\/de\\\/#website\"},\"primaryImageOfPage\":{\"@id\":\"https:\\\/\\\/www.stem.it\\\/de\\\/event\\\/rettmobil-2024\\\/#primaryimage\"},\"image\":{\"@id\":\"https:\\\/\\\/www.stem.it\\\/de\\\/event\\\/rettmobil-2024\\\/#primaryimage\"},\"thumbnailUrl\":\"https:\\\/\\\/www.stem.it\\\/wp-content\\\/uploads\\\/2024\\\/01\\\/RETTmobil-2024-845x321-1.jpg\",\"datePublished\":\"2024-01-09T08:41:40+00:00\",\"dateModified\":\"2024-04-15T11:22:45+00:00\",\"description\":\"RETTmobil ist die wichtigste europ\u00e4ische Leitmesse f\u00fcr Rettung und Mobilit\u00e4t\",\"breadcrumb\":{\"@id\":\"https:\\\/\\\/www.stem.it\\\/de\\\/event\\\/rettmobil-2024\\\/#breadcrumb\"},\"inLanguage\":\"de\",\"potentialAction\":[{\"@type\":\"ReadAction\",\"target\":[\"https:\\\/\\\/www.stem.it\\\/de\\\/event\\\/rettmobil-2024\\\/\"]}]},{\"@type\":\"ImageObject\",\"inLanguage\":\"de\",\"@id\":\"https:\\\/\\\/www.stem.it\\\/de\\\/event\\\/rettmobil-2024\\\/#primaryimage\",\"url\":\"https:\\\/\\\/www.stem.it\\\/wp-content\\\/uploads\\\/2024\\\/01\\\/RETTmobil-2024-845x321-1.jpg\",\"contentUrl\":\"https:\\\/\\\/www.stem.it\\\/wp-content\\\/uploads\\\/2024\\\/01\\\/RETTmobil-2024-845x321-1.jpg\",\"width\":845,\"height\":321},{\"@type\":\"BreadcrumbList\",\"@id\":\"https:\\\/\\\/www.stem.it\\\/de\\\/event\\\/rettmobil-2024\\\/#breadcrumb\",\"itemListElement\":[{\"@type\":\"ListItem\",\"position\":1,\"name\":\"Home\",\"item\":\"https:\\\/\\\/www.stem.it\\\/de\\\/\"},{\"@type\":\"ListItem\",\"position\":2,\"name\":\"Veranstaltungen\",\"item\":\"https:\\\/\\\/www.stem.it\\\/de\\\/events\\\/\"},{\"@type\":\"ListItem\",\"position\":3,\"name\":\"RETTmobil 2024\"}]},{\"@type\":\"WebSite\",\"@id\":\"https:\\\/\\\/www.stem.it\\\/de\\\/#website\",\"url\":\"https:\\\/\\\/www.stem.it\\\/de\\\/\",\"name\":\"Stem Ems\",\"description\":\"Prodotti di alta qualit\u00e0 per lavoro ed emergenza\",\"potentialAction\":[{\"@type\":\"SearchAction\",\"target\":{\"@type\":\"EntryPoint\",\"urlTemplate\":\"https:\\\/\\\/www.stem.it\\\/de\\\/?s={search_term_string}\"},\"query-input\":{\"@type\":\"PropertyValueSpecification\",\"valueRequired\":true,\"valueName\":\"search_term_string\"}}],\"inLanguage\":\"de\"}]}<\/script>\n<!-- \/ Yoast SEO plugin. -->","yoast_head_json":{"title":"RETTmobil 2024 - Stem Ems","description":"RETTmobil ist die wichtigste europ\u00e4ische Leitmesse f\u00fcr Rettung und Mobilit\u00e4t","robots":{"index":"index","follow":"follow","max-snippet":"max-snippet:-1","max-image-preview":"max-image-preview:large","max-video-preview":"max-video-preview:-1"},"canonical":"https:\/\/www.stem.it\/de\/event\/rettmobil-2024\/","og_locale":"de_DE","og_type":"article","og_title":"RETTmobil 2024 - Stem Ems","og_description":"RETTmobil ist die wichtigste europ\u00e4ische Leitmesse f\u00fcr Rettung und Mobilit\u00e4t","og_url":"https:\/\/www.stem.it\/de\/event\/rettmobil-2024\/","og_site_name":"Stem Ems","article_publisher":"https:\/\/www.facebook.com\/stememsemergencymedicalsystems\/","article_modified_time":"2024-04-15T11:22:45+00:00","og_image":[{"width":845,"height":321,"url":"https:\/\/www.stem.it\/wp-content\/uploads\/2024\/01\/RETTmobil-2024-845x321-1.jpg","type":"image\/jpeg"}],"twitter_card":"summary_large_image","twitter_misc":{"Gesch\u00e4tzte Lesezeit":"1\u00a0Minute"},"schema":{"@context":"https:\/\/schema.org","@graph":[{"@type":"WebPage","@id":"https:\/\/www.stem.it\/de\/event\/rettmobil-2024\/","url":"https:\/\/www.stem.it\/de\/event\/rettmobil-2024\/","name":"RETTmobil 2024 - Stem Ems","isPartOf":{"@id":"https:\/\/www.stem.it\/de\/#website"},"primaryImageOfPage":{"@id":"https:\/\/www.stem.it\/de\/event\/rettmobil-2024\/#primaryimage"},"image":{"@id":"https:\/\/www.stem.it\/de\/event\/rettmobil-2024\/#primaryimage"},"thumbnailUrl":"https:\/\/www.stem.it\/wp-content\/uploads\/2024\/01\/RETTmobil-2024-845x321-1.jpg","datePublished":"2024-01-09T08:41:40+00:00","dateModified":"2024-04-15T11:22:45+00:00","description":"RETTmobil ist die wichtigste europ\u00e4ische Leitmesse f\u00fcr Rettung und Mobilit\u00e4t","breadcrumb":{"@id":"https:\/\/www.stem.it\/de\/event\/rettmobil-2024\/#breadcrumb"},"inLanguage":"de","potentialAction":[{"@type":"ReadAction","target":["https:\/\/www.stem.it\/de\/event\/rettmobil-2024\/"]}]},{"@type":"ImageObject","inLanguage":"de","@id":"https:\/\/www.stem.it\/de\/event\/rettmobil-2024\/#primaryimage","url":"https:\/\/www.stem.it\/wp-content\/uploads\/2024\/01\/RETTmobil-2024-845x321-1.jpg","contentUrl":"https:\/\/www.stem.it\/wp-content\/uploads\/2024\/01\/RETTmobil-2024-845x321-1.jpg","width":845,"height":321},{"@type":"BreadcrumbList","@id":"https:\/\/www.stem.it\/de\/event\/rettmobil-2024\/#breadcrumb","itemListElement":[{"@type":"ListItem","position":1,"name":"Home","item":"https:\/\/www.stem.it\/de\/"},{"@type":"ListItem","position":2,"name":"Veranstaltungen","item":"https:\/\/www.stem.it\/de\/events\/"},{"@type":"ListItem","position":3,"name":"RETTmobil 2024"}]},{"@type":"WebSite","@id":"https:\/\/www.stem.it\/de\/#website","url":"https:\/\/www.stem.it\/de\/","name":"Stem Ems","description":"Prodotti di alta qualit\u00e0 per lavoro ed emergenza","potentialAction":[{"@type":"SearchAction","target":{"@type":"EntryPoint","urlTemplate":"https:\/\/www.stem.it\/de\/?s={search_term_string}"},"query-input":{"@type":"PropertyValueSpecification","valueRequired":true,"valueName":"search_term_string"}}],"inLanguage":"de"}]}},"_links":{"self":[{"href":"https:\/\/www.stem.it\/de\/wp-json\/wp\/v2\/tribe_events\/39031","targetHints":{"allow":["GET"]}}],"collection":[{"href":"https:\/\/www.stem.it\/de\/wp-json\/wp\/v2\/tribe_events"}],"about":[{"href":"https:\/\/www.stem.it\/de\/wp-json\/wp\/v2\/types\/tribe_events"}],"author":[{"embeddable":true,"href":"https:\/\/www.stem.it\/de\/wp-json\/wp\/v2\/users\/4"}],"version-history":[{"count":4,"href":"https:\/\/www.stem.it\/de\/wp-json\/wp\/v2\/tribe_events\/39031\/revisions"}],"predecessor-version":[{"id":40125,"href":"https:\/\/www.stem.it\/de\/wp-json\/wp\/v2\/tribe_events\/39031\/revisions\/40125"}],"wp:featuredmedia":[{"embeddable":true,"href":"https:\/\/www.stem.it\/de\/wp-json\/wp\/v2\/media\/39039"}],"wp:attachment":[{"href":"https:\/\/www.stem.it\/de\/wp-json\/wp\/v2\/media?parent=39031"}],"wp:term":[{"taxonomy":"post_tag","embeddable":true,"href":"https:\/\/www.stem.it\/de\/wp-json\/wp\/v2\/tags?post=39031"},{"taxonomy":"tribe_events_cat","embeddable":true,"href":"https:\/\/www.stem.it\/de\/wp-json\/wp\/v2\/tribe_events_cat?post=39031"}],"curies":[{"name":"wp","href":"https:\/\/api.w.org\/{rel}","templated":true}]}}