{"id":17057,"date":"2021-07-28T10:58:25","date_gmt":"2021-07-28T08:58:25","guid":{"rendered":"https:\/\/www.stem.it\/?post_type=tribe_events&#038;p=17057"},"modified":"2021-07-30T08:40:14","modified_gmt":"2021-07-30T06:40:14","slug":"assemblee-generale-de-lu-d-e-t-s-42-2021","status":"publish","type":"tribe_events","link":"https:\/\/www.stem.it\/de\/event\/assemblee-generale-de-lu-d-e-t-s-42-2021\/","title":{"rendered":"Assembl\u00e9e G\u00e9n\u00e9rale de l&#8217;U.D.E.T.S. 42  2021"},"content":{"rendered":"<p>Der Pr\u00e4sident der Union D\u00e9partementale des Etablissements de Transports Sanitaires de la Loire, Anthony Rebichon, freut sich, Sie zur 41. Generalversammlung einzuladen, die am Samstag, den 41. September 2021 stattfinden wird<\/p>\n","protected":false},"excerpt":{"rendered":"<p>Der Pr\u00e4sident der Union D\u00e9partementale des Etablissements de Transports Sanitaires de la Loire, Anthony Rebichon, freut sich, Sie zur 41. Generalversammlung einzuladen, die am Samstag, den 41. September 2021 stattfinden [&hellip;]<\/p>\n","protected":false},"author":4,"featured_media":17075,"template":"","meta":{"_tribe_events_status":"","_tribe_events_status_reason":"","footnotes":""},"tags":[],"tribe_events_cat":[],"class_list":["post-17057","tribe_events","type-tribe_events","status-publish","has-post-thumbnail","hentry"],"yoast_head":"<!-- This site is optimized with the Yoast SEO plugin v27.4 - https:\/\/yoast.com\/product\/yoast-seo-wordpress\/ -->\n<title>Assembl\u00e9e G\u00e9n\u00e9rale de l&#039;U.D.E.T.S. 42 2021 - Stem Ems<\/title>\n<meta name=\"robots\" content=\"index, follow, max-snippet:-1, max-image-preview:large, max-video-preview:-1\" \/>\n<link rel=\"canonical\" href=\"https:\/\/www.stem.it\/de\/event\/assemblee-generale-de-lu-d-e-t-s-42-2021\/\" \/>\n<meta property=\"og:locale\" content=\"de_DE\" \/>\n<meta property=\"og:type\" content=\"article\" \/>\n<meta property=\"og:title\" content=\"Assembl\u00e9e G\u00e9n\u00e9rale de l&#039;U.D.E.T.S. 42 2021 - Stem Ems\" \/>\n<meta property=\"og:description\" content=\"Der Pr\u00e4sident der Union D\u00e9partementale des Etablissements de Transports Sanitaires de la Loire, Anthony Rebichon, freut sich, Sie zur 41. Generalversammlung einzuladen, die am Samstag, den 41. September 2021 stattfinden [&hellip;]\" \/>\n<meta property=\"og:url\" content=\"https:\/\/www.stem.it\/de\/event\/assemblee-generale-de-lu-d-e-t-s-42-2021\/\" \/>\n<meta property=\"og:site_name\" content=\"Stem Ems\" \/>\n<meta property=\"article:publisher\" content=\"https:\/\/www.facebook.com\/stememsemergencymedicalsystems\/\" \/>\n<meta property=\"article:modified_time\" content=\"2021-07-30T06:40:14+00:00\" \/>\n<meta property=\"og:image\" content=\"https:\/\/www.stem.it\/wp-content\/uploads\/2021\/07\/Assemblee-Generale-de-lU.D.E.T.S.-42-2021-845x321-1.jpg\" \/>\n\t<meta property=\"og:image:width\" content=\"845\" \/>\n\t<meta property=\"og:image:height\" content=\"321\" \/>\n\t<meta property=\"og:image:type\" content=\"image\/jpeg\" \/>\n<meta name=\"twitter:card\" content=\"summary_large_image\" \/>\n<script type=\"application\/ld+json\" class=\"yoast-schema-graph\">{\"@context\":\"https:\\\/\\\/schema.org\",\"@graph\":[{\"@type\":\"WebPage\",\"@id\":\"https:\\\/\\\/www.stem.it\\\/de\\\/event\\\/assemblee-generale-de-lu-d-e-t-s-42-2021\\\/\",\"url\":\"https:\\\/\\\/www.stem.it\\\/de\\\/event\\\/assemblee-generale-de-lu-d-e-t-s-42-2021\\\/\",\"name\":\"Assembl\u00e9e G\u00e9n\u00e9rale de l'U.D.E.T.S. 42 2021 - Stem Ems\",\"isPartOf\":{\"@id\":\"https:\\\/\\\/www.stem.it\\\/de\\\/#website\"},\"primaryImageOfPage\":{\"@id\":\"https:\\\/\\\/www.stem.it\\\/de\\\/event\\\/assemblee-generale-de-lu-d-e-t-s-42-2021\\\/#primaryimage\"},\"image\":{\"@id\":\"https:\\\/\\\/www.stem.it\\\/de\\\/event\\\/assemblee-generale-de-lu-d-e-t-s-42-2021\\\/#primaryimage\"},\"thumbnailUrl\":\"https:\\\/\\\/www.stem.it\\\/wp-content\\\/uploads\\\/2021\\\/07\\\/Assemblee-Generale-de-lU.D.E.T.S.-42-2021-845x321-1.jpg\",\"datePublished\":\"2021-07-28T08:58:25+00:00\",\"dateModified\":\"2021-07-30T06:40:14+00:00\",\"breadcrumb\":{\"@id\":\"https:\\\/\\\/www.stem.it\\\/de\\\/event\\\/assemblee-generale-de-lu-d-e-t-s-42-2021\\\/#breadcrumb\"},\"inLanguage\":\"de\",\"potentialAction\":[{\"@type\":\"ReadAction\",\"target\":[\"https:\\\/\\\/www.stem.it\\\/de\\\/event\\\/assemblee-generale-de-lu-d-e-t-s-42-2021\\\/\"]}]},{\"@type\":\"ImageObject\",\"inLanguage\":\"de\",\"@id\":\"https:\\\/\\\/www.stem.it\\\/de\\\/event\\\/assemblee-generale-de-lu-d-e-t-s-42-2021\\\/#primaryimage\",\"url\":\"https:\\\/\\\/www.stem.it\\\/wp-content\\\/uploads\\\/2021\\\/07\\\/Assemblee-Generale-de-lU.D.E.T.S.-42-2021-845x321-1.jpg\",\"contentUrl\":\"https:\\\/\\\/www.stem.it\\\/wp-content\\\/uploads\\\/2021\\\/07\\\/Assemblee-Generale-de-lU.D.E.T.S.-42-2021-845x321-1.jpg\",\"width\":845,\"height\":321},{\"@type\":\"BreadcrumbList\",\"@id\":\"https:\\\/\\\/www.stem.it\\\/de\\\/event\\\/assemblee-generale-de-lu-d-e-t-s-42-2021\\\/#breadcrumb\",\"itemListElement\":[{\"@type\":\"ListItem\",\"position\":1,\"name\":\"Home\",\"item\":\"https:\\\/\\\/www.stem.it\\\/de\\\/\"},{\"@type\":\"ListItem\",\"position\":2,\"name\":\"Veranstaltungen\",\"item\":\"https:\\\/\\\/www.stem.it\\\/de\\\/events\\\/\"},{\"@type\":\"ListItem\",\"position\":3,\"name\":\"Assembl\u00e9e G\u00e9n\u00e9rale de l&#8217;U.D.E.T.S. 42 2021\"}]},{\"@type\":\"WebSite\",\"@id\":\"https:\\\/\\\/www.stem.it\\\/de\\\/#website\",\"url\":\"https:\\\/\\\/www.stem.it\\\/de\\\/\",\"name\":\"Stem Ems\",\"description\":\"Prodotti di alta qualit\u00e0 per lavoro ed emergenza\",\"potentialAction\":[{\"@type\":\"SearchAction\",\"target\":{\"@type\":\"EntryPoint\",\"urlTemplate\":\"https:\\\/\\\/www.stem.it\\\/de\\\/?s={search_term_string}\"},\"query-input\":{\"@type\":\"PropertyValueSpecification\",\"valueRequired\":true,\"valueName\":\"search_term_string\"}}],\"inLanguage\":\"de\"}]}<\/script>\n<!-- \/ Yoast SEO plugin. -->","yoast_head_json":{"title":"Assembl\u00e9e G\u00e9n\u00e9rale de l'U.D.E.T.S. 42 2021 - Stem Ems","robots":{"index":"index","follow":"follow","max-snippet":"max-snippet:-1","max-image-preview":"max-image-preview:large","max-video-preview":"max-video-preview:-1"},"canonical":"https:\/\/www.stem.it\/de\/event\/assemblee-generale-de-lu-d-e-t-s-42-2021\/","og_locale":"de_DE","og_type":"article","og_title":"Assembl\u00e9e G\u00e9n\u00e9rale de l'U.D.E.T.S. 42 2021 - Stem Ems","og_description":"Der Pr\u00e4sident der Union D\u00e9partementale des Etablissements de Transports Sanitaires de la Loire, Anthony Rebichon, freut sich, Sie zur 41. Generalversammlung einzuladen, die am Samstag, den 41. September 2021 stattfinden [&hellip;]","og_url":"https:\/\/www.stem.it\/de\/event\/assemblee-generale-de-lu-d-e-t-s-42-2021\/","og_site_name":"Stem Ems","article_publisher":"https:\/\/www.facebook.com\/stememsemergencymedicalsystems\/","article_modified_time":"2021-07-30T06:40:14+00:00","og_image":[{"width":845,"height":321,"url":"https:\/\/www.stem.it\/wp-content\/uploads\/2021\/07\/Assemblee-Generale-de-lU.D.E.T.S.-42-2021-845x321-1.jpg","type":"image\/jpeg"}],"twitter_card":"summary_large_image","schema":{"@context":"https:\/\/schema.org","@graph":[{"@type":"WebPage","@id":"https:\/\/www.stem.it\/de\/event\/assemblee-generale-de-lu-d-e-t-s-42-2021\/","url":"https:\/\/www.stem.it\/de\/event\/assemblee-generale-de-lu-d-e-t-s-42-2021\/","name":"Assembl\u00e9e G\u00e9n\u00e9rale de l'U.D.E.T.S. 42 2021 - Stem Ems","isPartOf":{"@id":"https:\/\/www.stem.it\/de\/#website"},"primaryImageOfPage":{"@id":"https:\/\/www.stem.it\/de\/event\/assemblee-generale-de-lu-d-e-t-s-42-2021\/#primaryimage"},"image":{"@id":"https:\/\/www.stem.it\/de\/event\/assemblee-generale-de-lu-d-e-t-s-42-2021\/#primaryimage"},"thumbnailUrl":"https:\/\/www.stem.it\/wp-content\/uploads\/2021\/07\/Assemblee-Generale-de-lU.D.E.T.S.-42-2021-845x321-1.jpg","datePublished":"2021-07-28T08:58:25+00:00","dateModified":"2021-07-30T06:40:14+00:00","breadcrumb":{"@id":"https:\/\/www.stem.it\/de\/event\/assemblee-generale-de-lu-d-e-t-s-42-2021\/#breadcrumb"},"inLanguage":"de","potentialAction":[{"@type":"ReadAction","target":["https:\/\/www.stem.it\/de\/event\/assemblee-generale-de-lu-d-e-t-s-42-2021\/"]}]},{"@type":"ImageObject","inLanguage":"de","@id":"https:\/\/www.stem.it\/de\/event\/assemblee-generale-de-lu-d-e-t-s-42-2021\/#primaryimage","url":"https:\/\/www.stem.it\/wp-content\/uploads\/2021\/07\/Assemblee-Generale-de-lU.D.E.T.S.-42-2021-845x321-1.jpg","contentUrl":"https:\/\/www.stem.it\/wp-content\/uploads\/2021\/07\/Assemblee-Generale-de-lU.D.E.T.S.-42-2021-845x321-1.jpg","width":845,"height":321},{"@type":"BreadcrumbList","@id":"https:\/\/www.stem.it\/de\/event\/assemblee-generale-de-lu-d-e-t-s-42-2021\/#breadcrumb","itemListElement":[{"@type":"ListItem","position":1,"name":"Home","item":"https:\/\/www.stem.it\/de\/"},{"@type":"ListItem","position":2,"name":"Veranstaltungen","item":"https:\/\/www.stem.it\/de\/events\/"},{"@type":"ListItem","position":3,"name":"Assembl\u00e9e G\u00e9n\u00e9rale de l&#8217;U.D.E.T.S. 42 2021"}]},{"@type":"WebSite","@id":"https:\/\/www.stem.it\/de\/#website","url":"https:\/\/www.stem.it\/de\/","name":"Stem Ems","description":"Prodotti di alta qualit\u00e0 per lavoro ed emergenza","potentialAction":[{"@type":"SearchAction","target":{"@type":"EntryPoint","urlTemplate":"https:\/\/www.stem.it\/de\/?s={search_term_string}"},"query-input":{"@type":"PropertyValueSpecification","valueRequired":true,"valueName":"search_term_string"}}],"inLanguage":"de"}]}},"_links":{"self":[{"href":"https:\/\/www.stem.it\/de\/wp-json\/wp\/v2\/tribe_events\/17057","targetHints":{"allow":["GET"]}}],"collection":[{"href":"https:\/\/www.stem.it\/de\/wp-json\/wp\/v2\/tribe_events"}],"about":[{"href":"https:\/\/www.stem.it\/de\/wp-json\/wp\/v2\/types\/tribe_events"}],"author":[{"embeddable":true,"href":"https:\/\/www.stem.it\/de\/wp-json\/wp\/v2\/users\/4"}],"version-history":[{"count":3,"href":"https:\/\/www.stem.it\/de\/wp-json\/wp\/v2\/tribe_events\/17057\/revisions"}],"predecessor-version":[{"id":17085,"href":"https:\/\/www.stem.it\/de\/wp-json\/wp\/v2\/tribe_events\/17057\/revisions\/17085"}],"wp:featuredmedia":[{"embeddable":true,"href":"https:\/\/www.stem.it\/de\/wp-json\/wp\/v2\/media\/17075"}],"wp:attachment":[{"href":"https:\/\/www.stem.it\/de\/wp-json\/wp\/v2\/media?parent=17057"}],"wp:term":[{"taxonomy":"post_tag","embeddable":true,"href":"https:\/\/www.stem.it\/de\/wp-json\/wp\/v2\/tags?post=17057"},{"taxonomy":"tribe_events_cat","embeddable":true,"href":"https:\/\/www.stem.it\/de\/wp-json\/wp\/v2\/tribe_events_cat?post=17057"}],"curies":[{"name":"wp","href":"https:\/\/api.w.org\/{rel}","templated":true}]}}